{"id":1428,"date":"2023-11-09T19:45:08","date_gmt":"2023-11-09T19:45:08","guid":{"rendered":"https:\/\/trace.ces.uc.pt\/sobre\/instituicao-de-acolhimento\/"},"modified":"2024-01-03T00:05:07","modified_gmt":"2024-01-03T00:05:07","slug":"instituicao-de-acolhimento","status":"publish","type":"page","link":"https:\/\/trace.ces.uc.pt\/pt-pt\/sobre\/instituicao-de-acolhimento\/","title":{"rendered":"Institui\u00e7\u00e3o de Acolhimento"},"content":{"rendered":"\t\t<div data-elementor-type=\"wp-page\" data-elementor-id=\"1428\" class=\"elementor elementor-1428 elementor-88\" data-elementor-post-type=\"page\">\n\t\t\t\t<div class=\"elementor-element elementor-element-15abcba e-flex e-con-boxed e-con e-parent\" data-id=\"15abcba\" data-element_type=\"container\" data-settings=\"{&quot;background_background&quot;:&quot;classic&quot;}\">\n\t\t\t\t\t<div class=\"e-con-inner\">\n\t\t<div class=\"elementor-element elementor-element-d9aa4cf e-con-full e-flex e-con e-child\" data-id=\"d9aa4cf\" data-element_type=\"container\">\n\t\t\t\t<div class=\"elementor-element elementor-element-556b993 elementor-widget elementor-widget-heading\" data-id=\"556b993\" data-element_type=\"widget\" data-widget_type=\"heading.default\">\n\t\t\t\t<div class=\"elementor-widget-container\">\n\t\t\t\t\t<h2 class=\"elementor-heading-title elementor-size-default\">Sobre \/ <\/h2>\t\t\t\t<\/div>\n\t\t\t\t<\/div>\n\t\t\t\t<div class=\"elementor-element elementor-element-1a08252 elementor-widget elementor-widget-heading\" data-id=\"1a08252\" data-element_type=\"widget\" data-widget_type=\"heading.default\">\n\t\t\t\t<div class=\"elementor-widget-container\">\n\t\t\t\t\t<h1 class=\"elementor-heading-title elementor-size-default\">Institui\u00e7\u00e3o de Acolhimento<\/h1>\t\t\t\t<\/div>\n\t\t\t\t<\/div>\n\t\t\t\t<\/div>\n\t\t<div class=\"elementor-element elementor-element-aaf0bbc e-con-full e-flex e-con e-child\" data-id=\"aaf0bbc\" data-element_type=\"container\">\n\t\t<div class=\"elementor-element elementor-element-279f2b2 e-con-full e-flex e-con e-child\" data-id=\"279f2b2\" data-element_type=\"container\">\n\t\t<div class=\"elementor-element elementor-element-0ed9d27 e-flex e-con-boxed e-con e-child\" data-id=\"0ed9d27\" data-element_type=\"container\">\n\t\t\t\t\t<div class=\"e-con-inner\">\n\t\t\t\t<div class=\"elementor-element elementor-element-ad2197b elementor-widget__width-initial elementor-widget elementor-widget-image\" data-id=\"ad2197b\" data-element_type=\"widget\" data-widget_type=\"image.default\">\n\t\t\t\t<div class=\"elementor-widget-container\">\n\t\t\t\t\t\t\t\t\t\t\t\t\t\t\t<img decoding=\"async\" src=\"https:\/\/trace.ces.uc.pt\/wp-content\/uploads\/2023\/11\/logo_ces.svg\" class=\"attachment-full size-full wp-image-119\" alt=\"\" \/>\t\t\t\t\t\t\t\t\t\t\t\t\t\t\t<\/div>\n\t\t\t\t<\/div>\n\t\t\t\t<div class=\"elementor-element elementor-element-782dd4b elementor-hidden-desktop elementor-hidden-tablet elementor-widget elementor-widget-image\" data-id=\"782dd4b\" data-element_type=\"widget\" data-widget_type=\"image.default\">\n\t\t\t\t<div class=\"elementor-widget-container\">\n\t\t\t\t\t\t\t\t\t\t\t\t\t\t\t<img fetchpriority=\"high\" decoding=\"async\" width=\"615\" height=\"201\" src=\"https:\/\/trace.ces.uc.pt\/wp-content\/uploads\/2023\/11\/logo_coimbra.png\" class=\"attachment-full size-full wp-image-114\" alt=\"\" srcset=\"https:\/\/trace.ces.uc.pt\/wp-content\/uploads\/2023\/11\/logo_coimbra.png 615w, https:\/\/trace.ces.uc.pt\/wp-content\/uploads\/2023\/11\/logo_coimbra-300x98.png 300w\" sizes=\"(max-width: 615px) 100vw, 615px\" \/>\t\t\t\t\t\t\t\t\t\t\t\t\t\t\t<\/div>\n\t\t\t\t<\/div>\n\t\t\t\t<div class=\"elementor-element elementor-element-36ea63b elementor-hidden-mobile elementor-widget elementor-widget-image\" data-id=\"36ea63b\" data-element_type=\"widget\" data-widget_type=\"image.default\">\n\t\t\t\t<div class=\"elementor-widget-container\">\n\t\t\t\t\t\t\t\t\t\t\t\t\t\t\t<img fetchpriority=\"high\" decoding=\"async\" width=\"615\" height=\"201\" src=\"https:\/\/trace.ces.uc.pt\/wp-content\/uploads\/2023\/11\/logo_coimbra.png\" class=\"attachment-full size-full wp-image-114\" alt=\"\" srcset=\"https:\/\/trace.ces.uc.pt\/wp-content\/uploads\/2023\/11\/logo_coimbra.png 615w, https:\/\/trace.ces.uc.pt\/wp-content\/uploads\/2023\/11\/logo_coimbra-300x98.png 300w\" sizes=\"(max-width: 615px) 100vw, 615px\" \/>\t\t\t\t\t\t\t\t\t\t\t\t\t\t\t<\/div>\n\t\t\t\t<\/div>\n\t\t\t\t\t<\/div>\n\t\t\t\t<\/div>\n\t\t\t\t<div class=\"elementor-element elementor-element-ff6c4a9 elementor-widget elementor-widget-text-editor\" data-id=\"ff6c4a9\" data-element_type=\"widget\" data-widget_type=\"text-editor.default\">\n\t\t\t\t<div class=\"elementor-widget-container\">\n\t\t\t\t\t\t\t\t\t<p>O <a href=\"https:\/\/www.ces.uc.pt\/pt\">Centro de Estudos Sociais da Universidade de Coimbra<\/a> \u00e9 uma institui\u00e7\u00e3o cient\u00edfica dedicada \u00e0 investiga\u00e7\u00e3o e \u00e0 forma\u00e7\u00e3o avan\u00e7ada nas ci\u00eancias sociais e nas humanidades, atrav\u00e9s de uma abordagem inter e transdisciplinar.<\/p>\n<p>Desde a sua funda\u00e7\u00e3o, em 1978, o CES tem vindo a desenvolver investiga\u00e7\u00e3o com e para uma sociedade inclusiva, inovadora e reflexiva. Uma das abordagens substanciais do Centro consiste em promover a reflex\u00e3o cr\u00edtica sobre o passado como forma de promover novas formas de reflex\u00e3o sobre o conhecimento e a sociedade.<\/p>\n<p>Atualmente, o CES oferece 12 Programas de Doutoramento, em parceria com a Universidade de Coimbra e outras entidades, e tem em curso mais de 50 projetos de investiga\u00e7\u00e3o financiados, sobre diversos temas. O CES conta com mais de 800 pessoas, entre pessoas Investigadoras, Investigadoras P\u00f3s-Doutoradas, Doutorandas, Investigadoras Juniores e Funcion\u00e1rias.<\/p>\n\t\t\t\t\t\t\t\t<\/div>\n\t\t\t\t<\/div>\n\t\t\t\t<\/div>\n\t\t<div class=\"elementor-element elementor-element-b5adfbb e-con-full e-flex e-con e-child\" data-id=\"b5adfbb\" data-element_type=\"container\">\n\t\t\t\t<\/div>\n\t\t\t\t<\/div>\n\t\t\t\t\t<\/div>\n\t\t\t\t<\/div>\n\t\t\t\t<\/div>\n\t\t","protected":false},"excerpt":{"rendered":"<p>Sobre \/ Institui\u00e7\u00e3o de Acolhimento O Centro de Estudos Sociais da Universidade de Coimbra \u00e9 uma institui\u00e7\u00e3o cient\u00edfica dedicada \u00e0 investiga\u00e7\u00e3o e \u00e0 forma\u00e7\u00e3o avan\u00e7ada nas ci\u00eancias sociais e nas humanidades, atrav\u00e9s de uma abordagem inter e transdisciplinar. Desde a sua funda\u00e7\u00e3o, em 1978, o CES tem vindo a desenvolver investiga\u00e7\u00e3o com e para uma [&hellip;]<\/p>\n","protected":false},"author":3,"featured_media":0,"parent":1389,"menu_order":0,"comment_status":"closed","ping_status":"closed","template":"","meta":{"_acf_changed":false,"_eb_attr":"","pgc_sgb_lightbox_settings":"","footnotes":""},"class_list":["post-1428","page","type-page","status-publish","hentry"],"acf":[],"_links":{"self":[{"href":"https:\/\/trace.ces.uc.pt\/pt-pt\/wp-json\/wp\/v2\/pages\/1428","targetHints":{"allow":["GET"]}}],"collection":[{"href":"https:\/\/trace.ces.uc.pt\/pt-pt\/wp-json\/wp\/v2\/pages"}],"about":[{"href":"https:\/\/trace.ces.uc.pt\/pt-pt\/wp-json\/wp\/v2\/types\/page"}],"author":[{"embeddable":true,"href":"https:\/\/trace.ces.uc.pt\/pt-pt\/wp-json\/wp\/v2\/users\/3"}],"replies":[{"embeddable":true,"href":"https:\/\/trace.ces.uc.pt\/pt-pt\/wp-json\/wp\/v2\/comments?post=1428"}],"version-history":[{"count":2,"href":"https:\/\/trace.ces.uc.pt\/pt-pt\/wp-json\/wp\/v2\/pages\/1428\/revisions"}],"predecessor-version":[{"id":1433,"href":"https:\/\/trace.ces.uc.pt\/pt-pt\/wp-json\/wp\/v2\/pages\/1428\/revisions\/1433"}],"up":[{"embeddable":true,"href":"https:\/\/trace.ces.uc.pt\/pt-pt\/wp-json\/wp\/v2\/pages\/1389"}],"wp:attachment":[{"href":"https:\/\/trace.ces.uc.pt\/pt-pt\/wp-json\/wp\/v2\/media?parent=1428"}],"curies":[{"name":"wp","href":"https:\/\/api.w.org\/{rel}","templated":true}]}}